{"version":"1.0","type":"rich","provider_name":"le lien des saint laurent","provider_url":"https:\/\/liensaintlaurent.fr","title":"Journ\u00e9es Europ\u00e9ennes 2023 du Patrimoine\n","author_name":"Brigitte\n","width":"600","height":"400","url":"http:\/\/liensaintlaurent.fr\/Journees-Europeennes-2023-du-Patrimoine","html":"\u003Ch4 class='title'\u003E\u003Ca href='http:\/\/liensaintlaurent.fr\/Journees-Europeennes-2023-du-Patrimoine'\u003EJourn\u00e9es Europ\u00e9ennes 2023 du Patrimoine\n\u003C\/a\u003E\u003C\/h4\u003E\u003Cblockquote class='spip'\u003E\u003Cp\u003EVisite libre de la chapelle Saint Vincent\u003C\/p\u003E\n\u003Cp\u003E\u003Cstrong\u003EWeek-end \u003Cspan style=\"color:#FF0000;\"\u003E16 &amp; 17 Septembre\u003C\/span\u003E\u003C\/strong\u003E\u003Cbr class='autobr' \/\u003E\n\u003Cstrong\u003E\u003Cspan style=\"color:#808080;\"\u003E14h30 - 18h30\u003C\/span\u003E\u003C\/strong\u003E\u003C\/p\u003E\n\u003Cp\u003E\u003Ci\u003E\u003Cspan style=\"color:#808080;\"\u003EPr\u00e9sence de b\u00e9n\u00e9voles pour explications\u003C\/span\u003E\u003C\/i\u003E\u003C\/p\u003E\u003C\/blockquote\u003E\n"}